{"id":16,"date":"2023-06-16T20:02:13","date_gmt":"2023-06-16T18:02:13","guid":{"rendered":"https:\/\/cristinaecija.cat\/politica-de-privacidad\/"},"modified":"2023-11-21T08:55:23","modified_gmt":"2023-11-21T07:55:23","slug":"politica-de-privacitat","status":"publish","type":"page","link":"https:\/\/cristinaecija.cat\/es\/politica-de-privacitat\/","title":{"rendered":"Pol\u00edtica de Privacitat"},"content":{"rendered":"<p>El Titular us informa sobre la seva Pol\u00edtica de Privacitat respecte al tractament i protecci\u00f3 de les dades de car\u00e0cter personal dels usuaris que puguin ser recollides durant la navegaci\u00f3 a trav\u00e9s del Lloc Web: <a href=\"https:\/\/cristinaecija.cat\/\" target=\"_new\" rel=\"noopener\">https:\/\/cristinaecija.cat<\/a><\/p>\n<p>En aquest sentit, el Titular garanteix el compliment de la normativa vigent en mat\u00e8ria de protecci\u00f3 de dades personals, reflectida a la Llei Org\u00e0nica 3\/2018, de 5 de desembre, de Protecci\u00f3 de Dades Personals i de Garantia de Drets Digitals (LOPD GDD). Tamb\u00e9 compleix amb el Reglament (UE) 2016\/679 del Parlament Europeu i del Consell de 27 d&#8217;abril de 2016 relatiu a la protecci\u00f3 de les persones f\u00edsiques (RGPD).<\/p>\n<p>L&#8217;\u00fas del lloc web implica l&#8217;acceptaci\u00f3 d&#8217;aquesta Pol\u00edtica de Privacitat.<\/p>\n<h2><strong>Identitat del Responsable<\/strong><\/h2>\n<p>Responsable: CRISTINA ECIJA MU\u00d1OZ.<\/p>\n<p>NIF: 44001599T<\/p>\n<p>Domicili: C\/ DALIA, 12 \u00b7 08460 SANTA MAR\u00cdA DE PALAUTORDERA, Barcelona &#8211; Espanya.<\/p>\n<p>Correu electr\u00f2nic: <a href=\"mailto:info@cristinaecija.cat\" target=\"_new\" rel=\"noopener\">info@cristinaecija.cat<\/a><\/p>\n<p>Lloc web: <a href=\"https:\/\/cristinaecija.cat\/\" target=\"_new\" rel=\"noopener\">https:\/\/cristinaecija.cat<\/a><\/p>\n<h2><strong>Principis aplicats en el tractament de dades<\/strong><\/h2>\n<p>En el tractament de les seves dades personals, el Titular aplicar\u00e0 els seg\u00fcents principis que es regeixen per les exig\u00e8ncies del nou reglament europeu de protecci\u00f3 de dades (RGPD):<\/p>\n<ol>\n<li><strong>Principi de licitud, lleialtat i transpar\u00e8ncia:<\/strong> El Titular sempre requerir\u00e0 el consentiment per al tractament de les dades personals que pot ser per a un o diversos fins espec\u00edfics sobre els quals el Titular informar\u00e0 l&#8217;Usuari pr\u00e8viament amb absoluta transpar\u00e8ncia.<\/li>\n<li><strong>Principi de minimitzaci\u00f3 de dades:<\/strong> El Titular sol\u00b7licitar\u00e0 nom\u00e9s les dades estrictament necess\u00e0ries per al fi o els fi que les sol\u00b7licita.<\/li>\n<li><strong>Principi de limitaci\u00f3 del termini de conservaci\u00f3:<\/strong> El Titular mantindr\u00e0 les dades personals recollides durant el temps estrictament necessari per al fi o els fi del tractament. El Titular informar\u00e0 l&#8217;Usuari del termini de conservaci\u00f3 corresponent segons la finalitat.<\/li>\n<li>En el cas de subscripcions, el Titular revisar\u00e0 peri\u00f2dicament les llistes i eliminar\u00e0 aquells registres inactius durant un temps considerable.<\/li>\n<li><strong>Principi d&#8217;integritat i confidencialitat:<\/strong> Les dades personals recollides seran tractades de manera que la seva seguretat, confidencialitat i integritat estigui garantida. El Titular pren les precaucions necess\u00e0ries per evitar l&#8217;acc\u00e9s no autoritzat o l&#8217;\u00fas indegut de les dades dels seus usuaris per part de tercers.<\/li>\n<\/ol>\n<h2><strong>Obtenci\u00f3 de dades personals<\/strong><\/h2>\n<p>Per navegar pel lloc web no \u00e9s necessari proporcionar cap dada personal.<\/p>\n<p>Els casos en qu\u00e8 vost\u00e8 s\u00ed proporciona les seves dades personals s\u00f3n els seg\u00fcents:<\/p>\n<ul>\n<li>En fer un comentari en un article o una p\u00e0gina.<\/li>\n<li>En subscriure&#8217;s a un formulari de subscripci\u00f3 o un butllet\u00ed que el Titular gestiona amb Mailer Lite.<\/li>\n<\/ul>\n<h2><strong>Drets<\/strong><\/h2>\n<p>El Titular informa que sobre les seves dades personals t\u00e9 dret a:<\/p>\n<ol>\n<li>Sol\u00b7licitar l&#8217;acc\u00e9s a les dades emmagatzemades.<\/li>\n<li>Sol\u00b7licitar una rectificaci\u00f3 o la supressi\u00f3.<\/li>\n<li>Sol\u00b7licitar la limitaci\u00f3 del seu tractament.<\/li>\n<li>Oposar-se al tractament.<\/li>\n<li>Sol\u00b7licitar la portabilitat de les seves dades.<\/li>\n<\/ol>\n<p>L&#8217;exercici d&#8217;aquests drets \u00e9s personal i, per tant, ha de ser exercit directament per l&#8217;interessat, sol\u00b7licitant-ho directament al Titular, el que significa que qualsevol client, subscriptor o col\u00b7laborador que hagi facilitat les seves dades en algun moment, pot dirigir-se al Titular i demanar informaci\u00f3 sobre les dades que t\u00e9 emmagatzemades i com les ha obtingudes, sol\u00b7licitar la rectificaci\u00f3 de les mateixes, sol\u00b7licitar la portabilitat de les seves dades personals, oposar-se al tractament, limitar-ne l&#8217;\u00fas o sol\u00b7licitar la supressi\u00f3 d&#8217;aquestes dades als fitxers del Titular.<\/p>\n<p>Per exercir els seus drets ha de enviar la seva sol\u00b7licitud juntament amb una fotoc\u00f2pia del Document Nacional d&#8217;Identitat o equivalent a la adre\u00e7a de correu electr\u00f2nic: <a href=\"mailto:info@cristinaecija.cat\" target=\"_new\" rel=\"noopener\">info@cristinaecija.cat<\/a><\/p>\n<p>L&#8217;exercici d&#8217;aquests drets no inclou cap dada que el Titular estigui obligat a conservar amb fins administratius, legals o de seguretat.<\/p>\n<p>T\u00e9 dret a la tutela judicial efectiva i a presentar una reclamaci\u00f3 davant l&#8217;autoritat de control, en aquest cas, l&#8217;Ag\u00e8ncia Espanyola de Protecci\u00f3 de Dades, si considera que el tractament de dades personals que li concerneix infringeix el Reglament.<\/p>\n<h2><strong>Finalitat del tractament de dades personals<\/strong><\/h2>\n<p>Quan vost\u00e8 es connecta al Lloc Web per enviar un correu electr\u00f2nic al Titular, escriure un comentari en un article o una p\u00e0gina, subscriure&#8217;s al seu butllet\u00ed est\u00e0 facilitant informaci\u00f3 de car\u00e0cter personal del responsable \u00e9s el Titular. Aquesta informaci\u00f3 pot incloure dades de car\u00e0cter personal com poden ser la seva adre\u00e7a IP, nom i cognoms, adre\u00e7a f\u00edsica, adre\u00e7a de correu electr\u00f2nic, n\u00famero de tel\u00e8fon i altra informaci\u00f3. En facilitar aquesta informaci\u00f3, d\u00f3na el seu consentiment perqu\u00e8 la seva informaci\u00f3 sigui recopilada, utilitzada, gestionada i emmagatzemada per \u2014 SITEGROUND \u2014<\/p>\n<p>Les dades personals i la finalitat del tractament per part del Titular s\u00f3n diferents segons el sistema de captura d&#8217;informaci\u00f3:<\/p>\n<p><strong>Formularis de comentaris:<\/strong> El Titular sol\u00b7licita dades personals entre les quals poden estar: nom i cognoms, adre\u00e7a de correu electr\u00f2nic i adre\u00e7a del lloc web amb la finalitat de respondre als comentaris dels Usuaris. <strong>Formularis de subscripci\u00f3 a continguts:<\/strong> El Titular sol\u00b7licita les seg\u00fcents dades personals: nom i cognoms, adre\u00e7a de correu electr\u00f2nic, n\u00famero de tel\u00e8fon i adre\u00e7a d&#8217;un lloc web per gestionar la llista de subscripcions, enviar butlletins, promocions i ofertes especials. Les dades personals facilitades al Titular estaran ubicades en els servidors de UAB &#8220;MailerLite&#8221;, J. Basanavi\u010diaus 15, LT-03108 Vilnius, amb domicili a Litu\u00e0nia. <strong>Hi ha altres finalitats per les quals el Titular tracta dades personals:<\/strong><\/p>\n<ul>\n<li>Per garantir el compliment de les condicions recollides en la llei aplicable. Aix\u00f2 pot incloure el desenvolupament d&#8217;eines i algoritmes que ajudin el lloc web a garantir la confidencialitat de les dades personals que recull.<\/li>\n<li>Per donar suport i millorar els serveis que ofereix aquest lloc web.<\/li>\n<li>Per analitzar la navegaci\u00f3 dels usuaris. El Titular recull altres dades no identificatives que s&#8217;obtenen mitjan\u00e7ant l&#8217;\u00fas de galetes que es descarreguen a l&#8217;ordinador de l&#8217;Usuari quan navega pel lloc web, les caracter\u00edstiques i finalitat de les quals estan detallades a la p\u00e0gina de <a href=\"https:\/\/cristinaecija.cat\/politica-de-cookies\/\">Pol\u00edtica de Cookies<\/a>.<\/li>\n<li>Per gestionar les xarxes socials. El Titular t\u00e9 pres\u00e8ncia a les xarxes socials. Si vost\u00e8 es fa seguidor a les xarxes socials del Titular, el tractament de les dades personals es regir\u00e0 per aquest apartat, aix\u00ed com per aquelles condicions d&#8217;\u00fas, pol\u00edtiques de privacitat i normatives d&#8217;acc\u00e9s que pertanyin a la xarxa social que procedeixi en cada cas i que hagi acceptat pr\u00e8viament.<\/li>\n<li>Podeu consultar les pol\u00edtiques de privacitat de les principals xarxes socials en aquests enlla\u00e7os:\n<ul>\n<li><a href=\"https:\/\/www.facebook.com\/privacy\/explanation\" target=\"_new\" rel=\"noopener\">Facebook<\/a><\/li>\n<li><a href=\"https:\/\/twitter.com\/en\/privacy\" target=\"_new\" rel=\"noopener\">Twitter<\/a><\/li>\n<li><a href=\"https:\/\/www.linkedin.com\/legal\/privacy-policy\" target=\"_new\" rel=\"noopener\">Linkedin<\/a><\/li>\n<li><a href=\"https:\/\/policies.google.com\/privacy?hl=es\" target=\"_new\" rel=\"noopener\">YouTube<\/a><\/li>\n<li><a href=\"https:\/\/help.instagram.com\/519522125107875\" target=\"_new\" rel=\"noopener\">Instagram<\/a><\/li>\n<\/ul>\n<\/li>\n<\/ul>\n<p>El Titular tractar\u00e0 les seves dades personals amb la finalitat d&#8217;administrar correctament la seva pres\u00e8ncia a la xarxa social, informar-lo de les seves activitats, aix\u00ed com per a qualsevol altra finalitat que les normatives de les xarxes socials permetin.<\/p>\n<p>En cap cas el Titular utilitzar\u00e0 els perfils de seguidors a les xarxes socials per enviar publicitat de manera individual.<\/p>\n<h2><strong>Seguretat de les dades personals<\/strong><\/h2>\n<p>Per protegir les seves dades personals, el Titular pren totes les precaucions raonables i segueix les millors pr\u00e0ctiques de la ind\u00fastria per evitar la seva p\u00e8rdua, mal \u00fas, acc\u00e9s no autoritzat, divulgaci\u00f3, alteraci\u00f3 o destrucci\u00f3.<\/p>\n<p>El lloc web est\u00e0 allotjat a: SITEGROUND. La seguretat de les dades est\u00e0 garantida, ja que prenen totes les mesures de seguretat necess\u00e0ries. Podeu consultar la seva pol\u00edtica de privacitat per obtenir m\u00e9s informaci\u00f3.<\/p>\n<h2><strong>Contingut d&#8217;altres llocs web<\/strong><\/h2>\n<p>Les p\u00e0gines d&#8217;aquest lloc web poden incloure contingut incrustat (per exemple, v\u00eddeos, imatges, articles, etc.). El contingut incrustat d&#8217;altres llocs web es comporta exactament de la mateixa manera que si hagu\u00e9s visitat l&#8217;altre lloc web.<\/p>\n<p>Aquests llocs web poden recopilar dades sobre vost\u00e8, utilitzar galetes, incrustar un codi de seguiment addicional de tercers i supervisar la seva interacci\u00f3 utilitzant aquest codi.<\/p>\n<h2><strong>Pol\u00edtica de Cookies<\/strong><\/h2>\n<p>Perqu\u00e8 aquest lloc web funcioni correctament, necessita utilitzar galetes, que \u00e9s una informaci\u00f3 que s&#8217;emmagatzema al seu navegador web.<\/p>\n<p>Podeu consultar tota la informaci\u00f3 relativa a la pol\u00edtica de recollida i tractament de les galetes a la p\u00e0gina de [<a href=\"https:\/\/cristinaecija.cat\/politica-de-cookies\/\">Pol\u00edtica de Cookies<\/a>].<\/p>\n<h2><strong>Legitimaci\u00f3 per al tractament de dades<\/strong><\/h2>\n<p>La base legal per al tractament de les seves dades \u00e9s:<\/p>\n<ul>\n<li>El consentiment de l&#8217;interessat.<\/li>\n<\/ul>\n<h2><strong>Categories de dades personals<\/strong><\/h2>\n<p>Les categories de dades personals que tracta el Titular s\u00f3n:<\/p>\n<ul>\n<li>Dades identificatives.<\/li>\n<li>No es tracten categories de dades especialment protegides.<\/li>\n<\/ul>\n<h2><strong>Conservaci\u00f3 de dades personals<\/strong><\/h2>\n<p>Les dades personals proporcionades al Titular es conservaran fins que sol\u00b7liciti la seva supressi\u00f3.<\/p>\n<h2><strong>Destinataris de dades personals<\/strong><\/h2>\n<ul>\n<li>MailerLite (UAB &#8220;MailerLite&#8221;, J. Basanavi\u010diaus 15, LT-03108 Vilnius, amb domicili a Litu\u00e0nia. M\u00e9s informaci\u00f3 a: <a href=\"https:\/\/mailerlite.com\/\" target=\"_new\" rel=\"noopener\">https:\/\/mailerlite.com<\/a>)<\/li>\n<li>Google Analytics \u00e9s un servei d&#8217;an\u00e0lisi web prestat per Google, Inc., una companyia de Delaware amb seu principal a 1600 Amphitheatre Parkway, Mountain View (Calif\u00f2rnia), CA 94043, Estats Units (&#8220;Google&#8221;). Google Analytics utilitza &#8220;galetes&#8221;, que s\u00f3n arxius de text situats al seu ordinador, per ajudar el Titular a analitzar l&#8217;\u00fas que fan els Usuaris del lloc web. M\u00e9s informaci\u00f3 a: <a href=\"https:\/\/policies.google.com\/privacy?hl=es-ES\" target=\"_blank\" rel=\"nofollow noopener\">https:\/\/analytics.google.com<\/a><\/li>\n<\/ul>\n<div class=\"react-scroll-to-bottom--css-rovru-1n7m0yu\">\n<div class=\"flex flex-col text-sm gizmo:pb-9 dark:bg-gray-800 gizmo:dark:bg-transparent\">\n<div class=\"w-full text-token-text-primary border-b border-black\/10 gizmo:border-0 dark:border-gray-900\/50 gizmo:dark:border-0 bg-gray-50 gizmo:bg-transparent dark:bg-[#444654] gizmo:dark:bg-transparent sm:AIPRM__conversation__response\" data-testid=\"conversation-turn-17\">\n<div class=\"p-4 gizmo:py-2 justify-center text-base md:gap-6 md:py-6 m-auto\">\n<div class=\"flex flex-1 gap-4 text-base mx-auto md:gap-6 gizmo:gap-3 gizmo:md:px-5 gizmo:lg:px-1 gizmo:xl:px-5 md:max-w-2xl lg:max-w-[38rem] gizmo:md:max-w-3xl gizmo:lg:max-w-[40rem] gizmo:xl:max-w-[48rem] xl:max-w-3xl } group final-completion\">\n<div class=\"relative flex w-[calc(100%-50px)] flex-col gizmo:w-full lg:w-[calc(100%-115px)] agent-turn\">\n<div class=\"flex-col gap-1 md:gap-3\">\n<div class=\"flex flex-grow flex-col max-w-full gap-3 gizmo:gap-0\">\n<div class=\"min-h-[20px] text-message peer flex flex-col items-start gap-3 whitespace-pre-wrap break-words peer-[.text-message]:mt-5 overflow-x-auto\" data-message-author-role=\"assistant\" data-message-id=\"b1674cb6-f0c2-4197-b211-d2427634bfb7\">\n<div class=\"markdown prose w-full break-words dark:prose-invert dark AIPRM__conversation__response\">\n<p>Podeu consultar com Google gestiona la privacitat pel que fa a l&#8217;\u00fas de les galetes i altra informaci\u00f3 a la p\u00e0gina de Pol\u00edtica de privacitat de Google: <a href=\"https:\/\/policies.google.com\/privacy?hl=es\" target=\"_new\" rel=\"noopener\">https:\/\/policies.google.com\/privacy?hl=es<\/a><\/p>\n<p>Tamb\u00e9 podeu veure una llista dels tipus de galetes que utilitza Google i els seus col\u00b7laboradors, aix\u00ed com tota la informaci\u00f3 relativa a l&#8217;\u00fas que fan de les galetes publicit\u00e0ries a:<\/p>\n<ul>\n<li>Tipus de galetes que utilitza Google<\/li>\n<li>Com utilitza Google les galetes en publicitat.<\/li>\n<\/ul>\n<h2><strong>Navegaci\u00f3 Web<\/strong><\/h2>\n<p>En navegar pel lloc web es poden recollir dades no identificatives, que poden incloure la direcci\u00f3 IP, geolocalitzaci\u00f3, un registre de com s&#8217;utilitzen els serveis i llocs, h\u00e0bits de navegaci\u00f3 i altres dades que no es poden utilitzar per identificar-vos.<\/p>\n<p>El lloc web utilitza els seg\u00fcents serveis d&#8217;an\u00e0lisi de tercers:<\/p>\n<ul>\n<li>Google Analytics.<\/li>\n<\/ul>\n<p>El Titular utilitza la informaci\u00f3 obtinguda per obtenir dades estad\u00edstiques, analitzar tend\u00e8ncies, administrar el lloc, estudiar patrons de navegaci\u00f3 i recopilar informaci\u00f3 demogr\u00e0fica.<\/p>\n<p>El Titular no es fa responsable del tractament de les dades personals que puguin realitzar les p\u00e0gines web a les quals podeu accedir a trav\u00e9s dels diferents enlla\u00e7os que cont\u00e9 el lloc web.<\/p>\n<h2><strong>Precisi\u00f3 i veracitat de les dades personals<\/strong><\/h2>\n<p>Vost\u00e8 es compromet a que les dades facilitades al Titular siguin correctes, completes, exactes i vigents, aix\u00ed com a mantenir-les degudament actualitzades.<\/p>\n<p>Com a Usuari del lloc web, vost\u00e8 \u00e9s l&#8217;\u00fanic responsable de la veracitat i correcci\u00f3 de les dades remeses al lloc web, exonerant al Titular de qualsevol responsabilitat en aquest sentit.<\/p>\n<h2><strong>Acceptaci\u00f3 i consentiment<\/strong><\/h2>\n<p>Com a Usuari del lloc web, declara haver estat informat de les condicions sobre protecci\u00f3 de dades de car\u00e0cter personal, accepta i consenteix el tractament de les mateixes per part del Titular en la forma i per a les finalitats indicades en aquesta Pol\u00edtica de Privacitat.<\/p>\n<p>Per contactar amb el Titular, subscriure&#8217;s a un butllet\u00ed o realitzar comentaris en aquest lloc web, ha d&#8217;acceptar la present Pol\u00edtica de Privacitat.<\/p>\n<h2><strong>Canvis en la Pol\u00edtica de Privacitat<\/strong><\/h2>\n<p>El Titular es reserva el dret de modificar la present Pol\u00edtica de Privacitat per adaptar-la a novetats legislatives o jurisprudencials, aix\u00ed com a pr\u00e0ctiques de la ind\u00fastria.<\/p>\n<p>Aquestes pol\u00edtiques estaran vigents fins que siguin modificades per altres degudament publicades.<\/p>\n<\/div>\n<\/div>\n<\/div>\n<\/div>\n<\/div>\n<\/div>\n<\/div>\n<\/div>\n<\/div>\n<\/div>","protected":false},"excerpt":{"rendered":"<p>El Titular us informa sobre la seva Pol\u00edtica de Privacitat respecte al tractament i protecci\u00f3 de les dades de car\u00e0cter personal dels usuaris que puguin ser recollides durant la navegaci\u00f3 a trav\u00e9s del Lloc Web: https:\/\/cristinaecija.cat En aquest sentit, el Titular garanteix el compliment de la normativa vigent en mat\u00e8ria de protecci\u00f3 de dades personals, &#8230; <a title=\"Pol\u00edtica de Privacitat\" class=\"read-more\" href=\"https:\/\/cristinaecija.cat\/es\/politica-de-privacitat\/\" aria-label=\"Leer m\u00e1s sobre Pol\u00edtica de Privacitat\">Leer m\u00e1s<\/a><\/p>","protected":false},"author":1,"featured_media":0,"parent":0,"menu_order":0,"comment_status":"closed","ping_status":"closed","template":"","meta":{"footnotes":""},"class_list":["post-16","page","type-page","status-publish"],"yoast_head":"<!-- This site is optimized with the Yoast SEO plugin v26.4 - https:\/\/yoast.com\/wordpress\/plugins\/seo\/ -->\n<title>Pol\u00edtica de Privacitat &#8226; Cristina Ecija<\/title>\n<meta name=\"description\" content=\"Aqu\u00ed trobar\u00e0s la pol\u00edtica de privacitat de la web de Cristina Ecija\" \/>\n<meta name=\"robots\" content=\"index, follow, max-snippet:-1, max-image-preview:large, max-video-preview:-1\" \/>\n<link rel=\"canonical\" href=\"https:\/\/cristinaecija.cat\/es\/politica-de-privacitat\/\" \/>\n<meta property=\"og:locale\" content=\"es_ES\" \/>\n<meta property=\"og:type\" content=\"article\" \/>\n<meta property=\"og:title\" content=\"Pol\u00edtica de Privacitat &#8226; Cristina Ecija\" \/>\n<meta property=\"og:description\" content=\"Aqu\u00ed trobar\u00e0s la pol\u00edtica de privacitat de la web de Cristina Ecija\" \/>\n<meta property=\"og:url\" content=\"https:\/\/cristinaecija.cat\/es\/politica-de-privacitat\/\" \/>\n<meta property=\"og:site_name\" content=\"Cristina Ecija\" \/>\n<meta property=\"article:modified_time\" content=\"2023-11-21T07:55:23+00:00\" \/>\n<meta property=\"og:image\" content=\"https:\/\/cristinaecija.cat\/wp-content\/uploads\/2023\/06\/bosc-low.jpg\" \/>\n\t<meta property=\"og:image:width\" content=\"1280\" \/>\n\t<meta property=\"og:image:height\" content=\"853\" \/>\n\t<meta property=\"og:image:type\" content=\"image\/jpeg\" \/>\n<script type=\"application\/ld+json\" class=\"yoast-schema-graph\">{\"@context\":\"https:\/\/schema.org\",\"@graph\":[{\"@type\":\"WebPage\",\"@id\":\"https:\/\/cristinaecija.cat\/politica-de-privacitat\/\",\"url\":\"https:\/\/cristinaecija.cat\/politica-de-privacitat\/\",\"name\":\"Pol\u00edtica de Privacitat &#8226; Cristina Ecija\",\"isPartOf\":{\"@id\":\"https:\/\/cristinaecija.cat\/#website\"},\"datePublished\":\"2023-06-16T18:02:13+00:00\",\"dateModified\":\"2023-11-21T07:55:23+00:00\",\"description\":\"Aqu\u00ed trobar\u00e0s la pol\u00edtica de privacitat de la web de Cristina Ecija\",\"breadcrumb\":{\"@id\":\"https:\/\/cristinaecija.cat\/politica-de-privacitat\/#breadcrumb\"},\"inLanguage\":\"es\",\"potentialAction\":[{\"@type\":\"ReadAction\",\"target\":[\"https:\/\/cristinaecija.cat\/politica-de-privacitat\/\"]}]},{\"@type\":\"BreadcrumbList\",\"@id\":\"https:\/\/cristinaecija.cat\/politica-de-privacitat\/#breadcrumb\",\"itemListElement\":[{\"@type\":\"ListItem\",\"position\":1,\"name\":\"Inici\",\"item\":\"https:\/\/cristinaecija.cat\/\"},{\"@type\":\"ListItem\",\"position\":2,\"name\":\"Pol\u00edtica de Privacitat\"}]},{\"@type\":\"WebSite\",\"@id\":\"https:\/\/cristinaecija.cat\/#website\",\"url\":\"https:\/\/cristinaecija.cat\/\",\"name\":\"Cristina Ecija\",\"description\":\"Disseny Web, SEO, SEO Local i Marketing Digital\",\"publisher\":{\"@id\":\"https:\/\/cristinaecija.cat\/#\/schema\/person\/01caa4af01bef9cff3ffc568f275266d\"},\"potentialAction\":[{\"@type\":\"SearchAction\",\"target\":{\"@type\":\"EntryPoint\",\"urlTemplate\":\"https:\/\/cristinaecija.cat\/?s={search_term_string}\"},\"query-input\":{\"@type\":\"PropertyValueSpecification\",\"valueRequired\":true,\"valueName\":\"search_term_string\"}}],\"inLanguage\":\"es\"},{\"@type\":[\"Person\",\"Organization\"],\"@id\":\"https:\/\/cristinaecija.cat\/#\/schema\/person\/01caa4af01bef9cff3ffc568f275266d\",\"name\":\"Cristina Ecija\",\"image\":{\"@type\":\"ImageObject\",\"inLanguage\":\"es\",\"@id\":\"https:\/\/cristinaecija.cat\/#\/schema\/person\/image\/\",\"url\":\"https:\/\/cristinaecija.cat\/wp-content\/uploads\/2023\/06\/CRISTINA-ECIJA-LOGO-fondo-negro.png\",\"contentUrl\":\"https:\/\/cristinaecija.cat\/wp-content\/uploads\/2023\/06\/CRISTINA-ECIJA-LOGO-fondo-negro.png\",\"width\":300,\"height\":150,\"caption\":\"Cristina Ecija\"},\"logo\":{\"@id\":\"https:\/\/cristinaecija.cat\/#\/schema\/person\/image\/\"},\"sameAs\":[\"https:\/\/cristinaecija.cat\"]}]}<\/script>\n<!-- \/ Yoast SEO plugin. -->","yoast_head_json":{"title":"Pol\u00edtica de Privacitat &#8226; Cristina Ecija","description":"Aqu\u00ed trobar\u00e0s la pol\u00edtica de privacitat de la web de Cristina Ecija","robots":{"index":"index","follow":"follow","max-snippet":"max-snippet:-1","max-image-preview":"max-image-preview:large","max-video-preview":"max-video-preview:-1"},"canonical":"https:\/\/cristinaecija.cat\/es\/politica-de-privacitat\/","og_locale":"es_ES","og_type":"article","og_title":"Pol\u00edtica de Privacitat &#8226; Cristina Ecija","og_description":"Aqu\u00ed trobar\u00e0s la pol\u00edtica de privacitat de la web de Cristina Ecija","og_url":"https:\/\/cristinaecija.cat\/es\/politica-de-privacitat\/","og_site_name":"Cristina Ecija","article_modified_time":"2023-11-21T07:55:23+00:00","og_image":[{"width":1280,"height":853,"url":"https:\/\/cristinaecija.cat\/wp-content\/uploads\/2023\/06\/bosc-low.jpg","type":"image\/jpeg"}],"schema":{"@context":"https:\/\/schema.org","@graph":[{"@type":"WebPage","@id":"https:\/\/cristinaecija.cat\/politica-de-privacitat\/","url":"https:\/\/cristinaecija.cat\/politica-de-privacitat\/","name":"Pol\u00edtica de Privacitat &#8226; Cristina Ecija","isPartOf":{"@id":"https:\/\/cristinaecija.cat\/#website"},"datePublished":"2023-06-16T18:02:13+00:00","dateModified":"2023-11-21T07:55:23+00:00","description":"Aqu\u00ed trobar\u00e0s la pol\u00edtica de privacitat de la web de Cristina Ecija","breadcrumb":{"@id":"https:\/\/cristinaecija.cat\/politica-de-privacitat\/#breadcrumb"},"inLanguage":"es","potentialAction":[{"@type":"ReadAction","target":["https:\/\/cristinaecija.cat\/politica-de-privacitat\/"]}]},{"@type":"BreadcrumbList","@id":"https:\/\/cristinaecija.cat\/politica-de-privacitat\/#breadcrumb","itemListElement":[{"@type":"ListItem","position":1,"name":"Inici","item":"https:\/\/cristinaecija.cat\/"},{"@type":"ListItem","position":2,"name":"Pol\u00edtica de Privacitat"}]},{"@type":"WebSite","@id":"https:\/\/cristinaecija.cat\/#website","url":"https:\/\/cristinaecija.cat\/","name":"Cristina Ecija","description":"Disseny Web, SEO, SEO Local i Marketing Digital","publisher":{"@id":"https:\/\/cristinaecija.cat\/#\/schema\/person\/01caa4af01bef9cff3ffc568f275266d"},"potentialAction":[{"@type":"SearchAction","target":{"@type":"EntryPoint","urlTemplate":"https:\/\/cristinaecija.cat\/?s={search_term_string}"},"query-input":{"@type":"PropertyValueSpecification","valueRequired":true,"valueName":"search_term_string"}}],"inLanguage":"es"},{"@type":["Person","Organization"],"@id":"https:\/\/cristinaecija.cat\/#\/schema\/person\/01caa4af01bef9cff3ffc568f275266d","name":"Cristina Ecija","image":{"@type":"ImageObject","inLanguage":"es","@id":"https:\/\/cristinaecija.cat\/#\/schema\/person\/image\/","url":"https:\/\/cristinaecija.cat\/wp-content\/uploads\/2023\/06\/CRISTINA-ECIJA-LOGO-fondo-negro.png","contentUrl":"https:\/\/cristinaecija.cat\/wp-content\/uploads\/2023\/06\/CRISTINA-ECIJA-LOGO-fondo-negro.png","width":300,"height":150,"caption":"Cristina Ecija"},"logo":{"@id":"https:\/\/cristinaecija.cat\/#\/schema\/person\/image\/"},"sameAs":["https:\/\/cristinaecija.cat"]}]}},"_links":{"self":[{"href":"https:\/\/cristinaecija.cat\/es\/wp-json\/wp\/v2\/pages\/16","targetHints":{"allow":["GET"]}}],"collection":[{"href":"https:\/\/cristinaecija.cat\/es\/wp-json\/wp\/v2\/pages"}],"about":[{"href":"https:\/\/cristinaecija.cat\/es\/wp-json\/wp\/v2\/types\/page"}],"author":[{"embeddable":true,"href":"https:\/\/cristinaecija.cat\/es\/wp-json\/wp\/v2\/users\/1"}],"replies":[{"embeddable":true,"href":"https:\/\/cristinaecija.cat\/es\/wp-json\/wp\/v2\/comments?post=16"}],"version-history":[{"count":5,"href":"https:\/\/cristinaecija.cat\/es\/wp-json\/wp\/v2\/pages\/16\/revisions"}],"predecessor-version":[{"id":140,"href":"https:\/\/cristinaecija.cat\/es\/wp-json\/wp\/v2\/pages\/16\/revisions\/140"}],"wp:attachment":[{"href":"https:\/\/cristinaecija.cat\/es\/wp-json\/wp\/v2\/media?parent=16"}],"curies":[{"name":"wp","href":"https:\/\/api.w.org\/{rel}","templated":true}]}}