{"id":17,"date":"2023-06-16T20:02:14","date_gmt":"2023-06-16T18:02:14","guid":{"rendered":"https:\/\/cristinaecija.cat\/politica-de-cookies\/"},"modified":"2023-11-21T08:55:59","modified_gmt":"2023-11-21T07:55:59","slug":"politica-de-cookies","status":"publish","type":"page","link":"https:\/\/cristinaecija.cat\/es\/politica-de-cookies\/","title":{"rendered":"Pol\u00edtica de Cookies"},"content":{"rendered":"<h2><strong>Qu\u00e8 s\u00f3n les galetes?<\/strong><\/h2>\n<p>En angl\u00e8s, el terme &#8220;cookie&#8221; significa galeta, per\u00f2 en l&#8217;\u00e0mbit de la navegaci\u00f3 web, una &#8220;cookie&#8221; \u00e9s alguna cosa completament diferent. Quan accedeix al nostre lloc web, en el navegador del seu dispositiu s&#8217;emmagatzema una petita quantitat de text que es denomina &#8220;cookie&#8221;. Aquest text cont\u00e9 informaci\u00f3 variada sobre la seva navegaci\u00f3, h\u00e0bits, prefer\u00e8ncies, personalitzacions de continguts, etc.<\/p>\n<p>Hi ha altres tecnologies que funcionen de manera similar i que tamb\u00e9 s&#8217;utilitzen per recopilar dades sobre la seva activitat de navegaci\u00f3. Anomenarem &#8220;cookies&#8221; a totes aquestes tecnologies en conjunt.<\/p>\n<p>Els usos concrets que fem d&#8217;aquestes tecnologies es descriuen en el present document.<\/p>\n<h2><strong>Per a qu\u00e8 s&#8217;utilitzen les cookies en aquest lloc web?<\/strong><\/h2>\n<p>Les cookies s\u00f3n una part essencial de com funciona el lloc web. L&#8217;objectiu principal de les nostres cookies \u00e9s millorar la seva experi\u00e8ncia en la navegaci\u00f3. Per exemple, per recordar les seves prefer\u00e8ncies (idioma, pa\u00eds, etc.) durant la navegaci\u00f3 i en futures visites. La informaci\u00f3 recollida a les cookies ens permet, a m\u00e9s, millorar el lloc web, adaptar-lo als seus interessos com a usuari, accelerar les cerques que faci, etc.<\/p>\n<p>En determinats casos, si hem obtingut el seu consentiment informat pr\u00e8viament, podrem utilitzar cookies per a altres usos, com per exemple obtenir informaci\u00f3 que ens permeti mostrar-li publicitat basada en l&#8217;an\u00e0lisi dels seus h\u00e0bits de navegaci\u00f3.<\/p>\n<h2><strong>Per a qu\u00e8 NO s&#8217;utilitzen les cookies en aquest lloc web?<\/strong><\/h2>\n<p>En les cookies que utilitzem no s&#8217;emmagatzema informaci\u00f3 sensible d&#8217;identificaci\u00f3 personal com el seu nom, adre\u00e7a, contrasenya, etc.<\/p>\n<h2><strong>Qui utilitza la informaci\u00f3 emmagatzemada a les cookies?<\/strong><\/h2>\n<p>La informaci\u00f3 emmagatzemada a les cookies del nostre lloc web \u00e9s utilitzada exclusivament per nosaltres, llevat d&#8217;aquelles identificades m\u00e9s endavant com a &#8220;cookie de tercers&#8221;, que s\u00f3n utilitzades i gestionades per entitats externes que ens proporcionen serveis que milloren l&#8217;experi\u00e8ncia de l&#8217;usuari. Per exemple, les estad\u00edstiques que es recullen sobre el nombre de visites, el contingut que m\u00e9s agrada, etc., solen ser gestionades per Google Analytics.<\/p>\n<h2><strong>Com pot evitar l&#8217;\u00fas de cookies en aquest lloc web?<\/strong><\/h2>\n<p>Si prefereix evitar l&#8217;\u00fas de les cookies, pot REBUTJAR-ne l&#8217;\u00fas o pot CONFIGURAR les que vol evitar i les que permet utilitzar (en aquest document li donem informaci\u00f3 ampliada a aquest respecte de cada tipus de cookie, la seva finalitat, destinatari, temporalitat, etc.).<\/p>\n<p>Si les ha acceptat, no li tornarem a preguntar a menys que esborri les cookies al seu dispositiu segons s&#8217;indica en l&#8217;apartat seg\u00fcent. Si vol revocar el consentiment haur\u00e0 d&#8217;eliminar les cookies i tornar a configurar-les.<\/p>\n<h2><strong>Com deshabilito i elimino la utilitzaci\u00f3 de cookies?<\/strong><\/h2>\n<p>Per restringir, bloquejar o esborrar les cookies d&#8217;aquest lloc web (i les usades per tercers) pot fer-ho, en qualsevol moment, modificant la configuraci\u00f3 del seu navegador. Tingui en compte que aquesta configuraci\u00f3 \u00e9s diferent en cada navegador.<\/p>\n<p>Als seg\u00fcents enlla\u00e7os trobar\u00e0 instruccions per habilitar o deshabilitar les cookies als navegadors m\u00e9s comuns.<\/p>\n<ul>\n<li><a href=\"https:\/\/support.mozilla.org\/es\/kb\/cookies-informacion-que-los-sitios-web-guardan-en-\" target=\"_new\" rel=\"noopener\">Firefox<\/a><\/li>\n<li><a href=\"https:\/\/support.google.com\/chrome\/answer\/95647?hl=es\" target=\"_new\" rel=\"noopener\">Google Chrome<\/a><\/li>\n<li><a href=\"https:\/\/support.microsoft.com\/es-es\/help\/17442\/windows-internet-explorer-delete-manage-cookies\" target=\"_new\" rel=\"noopener\">Internet Explorer<\/a><\/li>\n<li><a href=\"https:\/\/support.microsoft.com\/es-es\/microsoft-edge\/delete-cookies-in-microsoft-edge-63947406-40ac-c3b8-57b9-2a946a29ae09\" target=\"_new\" rel=\"noopener\">Microsoft Edge<\/a><\/li>\n<li><a href=\"https:\/\/support.apple.com\/es-es\/guide\/safari\/sfri11471\/mac\" target=\"_new\" rel=\"noopener\">Safari<\/a><\/li>\n<\/ul>\n<h2><strong>Quins tipus de cookies s&#8217;utilitzen en aquesta p\u00e0gina web?<\/strong><\/h2>\n<p>Cada p\u00e0gina web utilitza les seves pr\u00f2pies cookies. En el nostre lloc web utilitzem les que s&#8217;indiquen a continuaci\u00f3:<\/p>\n<p><strong>SEGONS L&#8217;ENTITAT QUE EL GESTIONA<\/strong><\/p>\n<p><strong><em>Cookies pr\u00f2pies:<\/em> <\/strong><\/p>\n<p>S\u00f3n aquelles que s&#8217;envien a l&#8217;equip terminal de l&#8217;Usuari des d&#8217;un equip o domini gestionat pel mateix editor i des del qual es presta el servei sol\u00b7licitat per l&#8217;Usuari.<\/p>\n<p><strong><em>Cookies de tercers:<\/em> <\/strong><\/p>\n<p>S\u00f3n aquelles que s&#8217;envien a l&#8217;equip terminal de l&#8217;Usuari des d&#8217;un equip o domini que no \u00e9s gestionat per l&#8217;editor, sin\u00f3 per una altra entitat que tracta les dades obtingudes a trav\u00e9s de les cookies.<\/p>\n<p>En el cas que les cookies siguin servides des d&#8217;un equip o domini gestionat pel mateix editor, per\u00f2 la informaci\u00f3 que es recull mitjan\u00e7ant aquestes sigui gestionada per un tercer, no poden ser considerades com a pr\u00f2pies si el tercer les utilitza per a les seves pr\u00f2pies finalitats (per exemple, la millora dels serveis que presta o la prestaci\u00f3 de serveis de car\u00e0cter publicitari a favor d&#8217;altres entitats).<\/p>\n<p><strong>SEGONS LA SEVA FINALITAT<\/strong><\/p>\n<p><strong>Cookies t\u00e8cniques:<\/strong><\/p>\n<p>S\u00f3n aquelles necess\u00e0ries per a la navegaci\u00f3 i el bon funcionament del nostre Lloc Web, com per exemple, controlar el tr\u00e0nsit i la comunicaci\u00f3 de dades, identificar la sessi\u00f3, accedir a parts d&#8217;acc\u00e9s restringit, realitzar la sol\u00b7licitud d&#8217;inscripci\u00f3 o participaci\u00f3 en un esdeveniment, comptar visites a efectes de la facturaci\u00f3 de llic\u00e8ncies del programari amb el qual funciona el servei del Lloc Web, utilitzar elements de seguretat durant la navegaci\u00f3, emmagatzemar continguts per a la difusi\u00f3 de v\u00eddeos o so, habilitar continguts din\u00e0mics (per exemple, animaci\u00f3 de c\u00e0rrega d&#8217;un text o imatge) o compartir continguts a trav\u00e9s de xarxes socials.<\/p>\n<p><strong>Cookies d&#8217;an\u00e0lisi:<\/strong><\/p>\n<p>Permeten quantificar el nombre d&#8217;usuaris i, d&#8217;aquesta manera, realitzar la mesura i an\u00e0lisi estad\u00edstic de la utilitzaci\u00f3 que fan els usuaris del Lloc Web.<\/p>\n<p><strong>Cookies de prefer\u00e8ncies o personalitzaci\u00f3:<\/strong><\/p>\n<p>S\u00f3n aquelles que permeten recordar informaci\u00f3 perqu\u00e8 l&#8217;Usuari accedeixi al servei amb determinades caracter\u00edstiques que poden diferenciar la seva experi\u00e8ncia de la d&#8217;altres usuaris, com ara l&#8217;idioma, el nombre de resultats a mostrar quan l&#8217;Usuari realitza una cerca, l&#8217;aspecte o contingut del servei en funci\u00f3 del tipus de navegador a trav\u00e9s del qual l&#8217;Usuari accedeix al servei o de la regi\u00f3 des de la qual accedeix al servei, etc.<\/p>\n<p><strong>SEGONS EL TERMINI DE TEMPS QUE PERMANEIXEN ACTIVES<\/strong><\/p>\n<p><strong>Cookies de sessi\u00f3:<\/strong><\/p>\n<p>S\u00f3n aquelles dissenyades per recopilar i emmagatzemar dades mentre l&#8217;Usuari accedeix a una p\u00e0gina web.<\/p>\n<p>Sol\u00b7len utilitzar-se per emmagatzemar informaci\u00f3 que nom\u00e9s interessa conservar per a la prestaci\u00f3 del servei sol\u00b7licitat per l&#8217;Usuari en una sola ocasi\u00f3 (per exemple, una llista de productes adquirits) i desapareixen al finalitzar la sessi\u00f3.<\/p>\n<p><strong>Cookies persistents:<\/strong><\/p>\n<p>S\u00f3n aquelles en les quals les dades segueixen emmagatzemades en el terminal i poden ser accedides i tractades durant un per\u00edode definit pel responsable de la cookie, que pot anar des d&#8217;uns minuts fins a diversos anys. A aquest respecte, cal valorar espec\u00edficament si \u00e9s necess\u00e0ria la utilitzaci\u00f3 de cookies persistents, ja que els riscos per a la privacitat podrien reduir-se mitjan\u00e7ant l&#8217;\u00fas de cookies de sessi\u00f3. En tot cas, quan s&#8217;instal\u00b7lin cookies persistents, es recomana reduir al m\u00ednim necessari la seva durada temporal atenent a la finalitat del seu \u00fas. A aquests efectes, el Dictamen 4\/2012 del GT29 va indicar que perqu\u00e8 una cookie pugui estar exempta del deure de consentiment informat, la seva caducitat ha d&#8217;estar relacionada amb la seva finalitat. A causa d&#8217;aix\u00f2, \u00e9s molt m\u00e9s probable que es considerin com a exemptes les cookies de sessi\u00f3 que les persistents.<\/p>\n<p><strong>Detall de les cookies utilitzades en aquest lloc web:<\/strong><\/p>\n<ul>\n<li><strong>moove_gdpr_popup<\/strong><\/li>\n<li><strong>wordpress_test_cookie<\/strong> Cookie establerta per WordPress per comprovar si les cookies estan habilitades en el navegador per proporcionar una experi\u00e8ncia d&#8217;usuari adequada als usuaris. Categoria: Funcional. Durada: sessi\u00f3. Pol\u00edtica de privadesa: N\/A<\/li>\n<\/ul>","protected":false},"excerpt":{"rendered":"<p>Qu\u00e8 s\u00f3n les galetes? En angl\u00e8s, el terme &#8220;cookie&#8221; significa galeta, per\u00f2 en l&#8217;\u00e0mbit de la navegaci\u00f3 web, una &#8220;cookie&#8221; \u00e9s alguna cosa completament diferent. Quan accedeix al nostre lloc web, en el navegador del seu dispositiu s&#8217;emmagatzema una petita quantitat de text que es denomina &#8220;cookie&#8221;. Aquest text cont\u00e9 informaci\u00f3 variada sobre la seva &#8230; <a title=\"Pol\u00edtica de Cookies\" class=\"read-more\" href=\"https:\/\/cristinaecija.cat\/es\/politica-de-cookies\/\" aria-label=\"Leer m\u00e1s sobre Pol\u00edtica de Cookies\">Leer m\u00e1s<\/a><\/p>","protected":false},"author":1,"featured_media":0,"parent":0,"menu_order":0,"comment_status":"closed","ping_status":"closed","template":"","meta":{"footnotes":""},"class_list":["post-17","page","type-page","status-publish"],"yoast_head":"<!-- This site is optimized with the Yoast SEO plugin v26.4 - https:\/\/yoast.com\/wordpress\/plugins\/seo\/ -->\n<title>Pol\u00edtica de Cookies &#8226; Cristina Ecija<\/title>\n<meta name=\"description\" content=\"Aqu\u00ed trobar\u00e0s la politica de privacita del web de Cristina Ecija\" \/>\n<meta name=\"robots\" content=\"index, follow, max-snippet:-1, max-image-preview:large, max-video-preview:-1\" \/>\n<link rel=\"canonical\" href=\"https:\/\/cristinaecija.cat\/es\/politica-de-cookies\/\" \/>\n<meta property=\"og:locale\" content=\"es_ES\" \/>\n<meta property=\"og:type\" content=\"article\" \/>\n<meta property=\"og:title\" content=\"Pol\u00edtica de Cookies &#8226; Cristina Ecija\" \/>\n<meta property=\"og:description\" content=\"Aqu\u00ed trobar\u00e0s la politica de privacita del web de Cristina Ecija\" \/>\n<meta property=\"og:url\" content=\"https:\/\/cristinaecija.cat\/es\/politica-de-cookies\/\" \/>\n<meta property=\"og:site_name\" content=\"Cristina Ecija\" \/>\n<meta property=\"article:modified_time\" content=\"2023-11-21T07:55:59+00:00\" \/>\n<meta property=\"og:image\" content=\"https:\/\/cristinaecija.cat\/wp-content\/uploads\/2023\/06\/bosc-low.jpg\" \/>\n\t<meta property=\"og:image:width\" content=\"1280\" \/>\n\t<meta property=\"og:image:height\" content=\"853\" \/>\n\t<meta property=\"og:image:type\" content=\"image\/jpeg\" \/>\n<script type=\"application\/ld+json\" class=\"yoast-schema-graph\">{\"@context\":\"https:\/\/schema.org\",\"@graph\":[{\"@type\":\"WebPage\",\"@id\":\"https:\/\/cristinaecija.cat\/politica-de-cookies\/\",\"url\":\"https:\/\/cristinaecija.cat\/politica-de-cookies\/\",\"name\":\"Pol\u00edtica de Cookies &#8226; Cristina Ecija\",\"isPartOf\":{\"@id\":\"https:\/\/cristinaecija.cat\/#website\"},\"datePublished\":\"2023-06-16T18:02:14+00:00\",\"dateModified\":\"2023-11-21T07:55:59+00:00\",\"description\":\"Aqu\u00ed trobar\u00e0s la politica de privacita del web de Cristina Ecija\",\"breadcrumb\":{\"@id\":\"https:\/\/cristinaecija.cat\/politica-de-cookies\/#breadcrumb\"},\"inLanguage\":\"es\",\"potentialAction\":[{\"@type\":\"ReadAction\",\"target\":[\"https:\/\/cristinaecija.cat\/politica-de-cookies\/\"]}]},{\"@type\":\"BreadcrumbList\",\"@id\":\"https:\/\/cristinaecija.cat\/politica-de-cookies\/#breadcrumb\",\"itemListElement\":[{\"@type\":\"ListItem\",\"position\":1,\"name\":\"Inici\",\"item\":\"https:\/\/cristinaecija.cat\/\"},{\"@type\":\"ListItem\",\"position\":2,\"name\":\"Pol\u00edtica de Cookies\"}]},{\"@type\":\"WebSite\",\"@id\":\"https:\/\/cristinaecija.cat\/#website\",\"url\":\"https:\/\/cristinaecija.cat\/\",\"name\":\"Cristina Ecija\",\"description\":\"Disseny Web, SEO, SEO Local i Marketing Digital\",\"publisher\":{\"@id\":\"https:\/\/cristinaecija.cat\/#\/schema\/person\/01caa4af01bef9cff3ffc568f275266d\"},\"potentialAction\":[{\"@type\":\"SearchAction\",\"target\":{\"@type\":\"EntryPoint\",\"urlTemplate\":\"https:\/\/cristinaecija.cat\/?s={search_term_string}\"},\"query-input\":{\"@type\":\"PropertyValueSpecification\",\"valueRequired\":true,\"valueName\":\"search_term_string\"}}],\"inLanguage\":\"es\"},{\"@type\":[\"Person\",\"Organization\"],\"@id\":\"https:\/\/cristinaecija.cat\/#\/schema\/person\/01caa4af01bef9cff3ffc568f275266d\",\"name\":\"Cristina Ecija\",\"image\":{\"@type\":\"ImageObject\",\"inLanguage\":\"es\",\"@id\":\"https:\/\/cristinaecija.cat\/#\/schema\/person\/image\/\",\"url\":\"https:\/\/cristinaecija.cat\/wp-content\/uploads\/2023\/06\/CRISTINA-ECIJA-LOGO-fondo-negro.png\",\"contentUrl\":\"https:\/\/cristinaecija.cat\/wp-content\/uploads\/2023\/06\/CRISTINA-ECIJA-LOGO-fondo-negro.png\",\"width\":300,\"height\":150,\"caption\":\"Cristina Ecija\"},\"logo\":{\"@id\":\"https:\/\/cristinaecija.cat\/#\/schema\/person\/image\/\"},\"sameAs\":[\"https:\/\/cristinaecija.cat\"]}]}<\/script>\n<!-- \/ Yoast SEO plugin. -->","yoast_head_json":{"title":"Pol\u00edtica de Cookies &#8226; Cristina Ecija","description":"Aqu\u00ed trobar\u00e0s la politica de privacita del web de Cristina Ecija","robots":{"index":"index","follow":"follow","max-snippet":"max-snippet:-1","max-image-preview":"max-image-preview:large","max-video-preview":"max-video-preview:-1"},"canonical":"https:\/\/cristinaecija.cat\/es\/politica-de-cookies\/","og_locale":"es_ES","og_type":"article","og_title":"Pol\u00edtica de Cookies &#8226; Cristina Ecija","og_description":"Aqu\u00ed trobar\u00e0s la politica de privacita del web de Cristina Ecija","og_url":"https:\/\/cristinaecija.cat\/es\/politica-de-cookies\/","og_site_name":"Cristina Ecija","article_modified_time":"2023-11-21T07:55:59+00:00","og_image":[{"width":1280,"height":853,"url":"https:\/\/cristinaecija.cat\/wp-content\/uploads\/2023\/06\/bosc-low.jpg","type":"image\/jpeg"}],"schema":{"@context":"https:\/\/schema.org","@graph":[{"@type":"WebPage","@id":"https:\/\/cristinaecija.cat\/politica-de-cookies\/","url":"https:\/\/cristinaecija.cat\/politica-de-cookies\/","name":"Pol\u00edtica de Cookies &#8226; Cristina Ecija","isPartOf":{"@id":"https:\/\/cristinaecija.cat\/#website"},"datePublished":"2023-06-16T18:02:14+00:00","dateModified":"2023-11-21T07:55:59+00:00","description":"Aqu\u00ed trobar\u00e0s la politica de privacita del web de Cristina Ecija","breadcrumb":{"@id":"https:\/\/cristinaecija.cat\/politica-de-cookies\/#breadcrumb"},"inLanguage":"es","potentialAction":[{"@type":"ReadAction","target":["https:\/\/cristinaecija.cat\/politica-de-cookies\/"]}]},{"@type":"BreadcrumbList","@id":"https:\/\/cristinaecija.cat\/politica-de-cookies\/#breadcrumb","itemListElement":[{"@type":"ListItem","position":1,"name":"Inici","item":"https:\/\/cristinaecija.cat\/"},{"@type":"ListItem","position":2,"name":"Pol\u00edtica de Cookies"}]},{"@type":"WebSite","@id":"https:\/\/cristinaecija.cat\/#website","url":"https:\/\/cristinaecija.cat\/","name":"Cristina Ecija","description":"Disseny Web, SEO, SEO Local i Marketing Digital","publisher":{"@id":"https:\/\/cristinaecija.cat\/#\/schema\/person\/01caa4af01bef9cff3ffc568f275266d"},"potentialAction":[{"@type":"SearchAction","target":{"@type":"EntryPoint","urlTemplate":"https:\/\/cristinaecija.cat\/?s={search_term_string}"},"query-input":{"@type":"PropertyValueSpecification","valueRequired":true,"valueName":"search_term_string"}}],"inLanguage":"es"},{"@type":["Person","Organization"],"@id":"https:\/\/cristinaecija.cat\/#\/schema\/person\/01caa4af01bef9cff3ffc568f275266d","name":"Cristina Ecija","image":{"@type":"ImageObject","inLanguage":"es","@id":"https:\/\/cristinaecija.cat\/#\/schema\/person\/image\/","url":"https:\/\/cristinaecija.cat\/wp-content\/uploads\/2023\/06\/CRISTINA-ECIJA-LOGO-fondo-negro.png","contentUrl":"https:\/\/cristinaecija.cat\/wp-content\/uploads\/2023\/06\/CRISTINA-ECIJA-LOGO-fondo-negro.png","width":300,"height":150,"caption":"Cristina Ecija"},"logo":{"@id":"https:\/\/cristinaecija.cat\/#\/schema\/person\/image\/"},"sameAs":["https:\/\/cristinaecija.cat"]}]}},"_links":{"self":[{"href":"https:\/\/cristinaecija.cat\/es\/wp-json\/wp\/v2\/pages\/17","targetHints":{"allow":["GET"]}}],"collection":[{"href":"https:\/\/cristinaecija.cat\/es\/wp-json\/wp\/v2\/pages"}],"about":[{"href":"https:\/\/cristinaecija.cat\/es\/wp-json\/wp\/v2\/types\/page"}],"author":[{"embeddable":true,"href":"https:\/\/cristinaecija.cat\/es\/wp-json\/wp\/v2\/users\/1"}],"replies":[{"embeddable":true,"href":"https:\/\/cristinaecija.cat\/es\/wp-json\/wp\/v2\/comments?post=17"}],"version-history":[{"count":3,"href":"https:\/\/cristinaecija.cat\/es\/wp-json\/wp\/v2\/pages\/17\/revisions"}],"predecessor-version":[{"id":142,"href":"https:\/\/cristinaecija.cat\/es\/wp-json\/wp\/v2\/pages\/17\/revisions\/142"}],"wp:attachment":[{"href":"https:\/\/cristinaecija.cat\/es\/wp-json\/wp\/v2\/media?parent=17"}],"curies":[{"name":"wp","href":"https:\/\/api.w.org\/{rel}","templated":true}]}}